{"id":8,"date":"2012-02-15T12:06:19","date_gmt":"2012-02-15T12:06:19","guid":{"rendered":"http:\/\/www.florence-quentin.fr\/wordpress\/?page_id=8"},"modified":"2019-04-16T17:20:39","modified_gmt":"2019-04-16T17:20:39","slug":"presse","status":"publish","type":"page","link":"https:\/\/www.florence-quentin.fr\/wordpress\/presse\/","title":{"rendered":"Presse"},"content":{"rendered":"<div id=\"pl-8\"  class=\"panel-layout\" ><div id=\"pg-8-0\"  class=\"panel-grid panel-no-style\" ><div id=\"pgc-8-0-0\"  class=\"panel-grid-cell\" ><div id=\"panel-8-0-0-0\" class=\"so-panel widget widget_sow-features panel-first-child\" data-index=\"0\" ><div\n\t\t\t\n\t\t\tclass=\"so-widget-sow-features so-widget-sow-features-default-c8e33bc3c2f2-8\"\n\t\t\t\n\t\t><ul\n\tclass=\"sow-features-list\n\tsow-features-responsive\">\n\n\t\t\t<li\n\t\t\tclass=\"sow-features-feature sow-icon-container-position-top\"\n\t\t\tstyle=\"display: flex; flex-direction: column; width: calc(33.333% - 25px);\"\n\t\t>\n\t\t\t\n\t\t\t\t\t\t<a\t\t\t\tclass=\"sow-icon-container sow-container-round\"\n\t\t\t\tstyle=\"color: #777f02; \"\n\t\t\t\t\n\t\t\t\t\t\t\t\t\thref=\"http:\/\/florence-quentin.fr\/\"\n\t\t\t\t\t\t\t\t>\n\t\t\t\t<span class=\"sow-icon-typicons\" data-sow-icon=\"&#xe089;\"\n\t\tstyle=\"font-size: 30px; color: #ffffff\" \n\t\taria-hidden=\"true\"><\/span>\t\t\t<\/a>\n\n\t\t\t<div class=\"textwidget\">\n\t\t\t\t\n\t\t\t\t\t\t\t\t\t<h5 class=\"sow-features-feature-title\">\n\t\t\t\t\t\tACCUEIL\t\t\t\t\t<\/h5>\n\t\t\t\t\n\t\t\t\t\t\t\t<\/div>\n\t\t\t\t\t\t\t\t<\/li>\n\n\t\t\t<li\n\t\t\tclass=\"sow-features-feature sow-icon-container-position-top\"\n\t\t\tstyle=\"display: flex; flex-direction: column; width: calc(33.333% - 25px);\"\n\t\t>\n\t\t\t\n\t\t\t\t\t\t<a\t\t\t\tclass=\"sow-icon-container sow-container-round\"\n\t\t\t\tstyle=\"color: #777f02; \"\n\t\t\t\t\n\t\t\t\t\t\t\t\t\thref=\"http:\/\/florence-quentin.fr\/?page_id=396\"\n\t\t\t\t\t\t\t\t>\n\t\t\t\t<span class=\"sow-icon-icomoon\" data-sow-icon=\"&#xe920;\"\n\t\tstyle=\"font-size: 30px; color: #ffffff\" \n\t\taria-hidden=\"true\"><\/span>\t\t\t<\/a>\n\n\t\t\t<div class=\"textwidget\">\n\t\t\t\t\n\t\t\t\t\t\t\t\t\t<h5 class=\"sow-features-feature-title\">\n\t\t\t\t\t\tTITRES DEJA PARUS\t\t\t\t\t<\/h5>\n\t\t\t\t\n\t\t\t\t\t\t\t<\/div>\n\t\t\t\t\t\t\t\t<\/li>\n\n\t\t\t<li\n\t\t\tclass=\"sow-features-feature sow-icon-container-position-top\"\n\t\t\tstyle=\"display: flex; flex-direction: column; width: calc(33.333% - 25px);\"\n\t\t>\n\t\t\t\n\t\t\t\t\t\t<a\t\t\t\tclass=\"sow-icon-container sow-container-round\"\n\t\t\t\tstyle=\"color: #777f02; \"\n\t\t\t\t\n\t\t\t\t\t\t\t\t\thref=\"https:\/\/www.florence-quentin.fr\/wordpress\/contact-2\/\"\n\t\t\t\t\t\t\t\t>\n\t\t\t\t<span class=\"sow-icon-icomoon\" data-sow-icon=\"&#xe945;\"\n\t\tstyle=\"font-size: 30px; color: #ffffff\" \n\t\taria-hidden=\"true\"><\/span>\t\t\t<\/a>\n\n\t\t\t<div class=\"textwidget\">\n\t\t\t\t\n\t\t\t\t\t\t\t\t\t<h5 class=\"sow-features-feature-title\">\n\t\t\t\t\t\tCONTACT\t\t\t\t\t<\/h5>\n\t\t\t\t\n\t\t\t\t\t\t\t<\/div>\n\t\t\t\t\t\t\t\t<\/li>\n\n\t<\/ul>\n<\/div><\/div><div id=\"panel-8-0-0-1\" class=\"so-panel widget widget_black-studio-tinymce widget_black_studio_tinymce\" data-index=\"1\" ><div class=\"textwidget\"><p><img decoding=\"async\" src=\"http:\/\/www.florence-quentin.fr\/wordpress\/wp-content\/uploads\/2014\/12\/lign-1.png\" alt=\"\" width=\"1200\" height=\"40\" \/><\/p>\n<\/div><\/div><div id=\"panel-8-0-0-2\" class=\"so-panel widget widget_black-studio-tinymce widget_black_studio_tinymce panel-last-child\" data-index=\"2\" ><div class=\"textwidget\"><p><span style=\"font-family: arial,helvetica,sans-serif; font-size: 12pt;\"><strong>Art<\/strong>,<strong> culture<\/strong>, <strong>soci\u00e9t\u00e9<\/strong> ou<strong> philosophie\u00a0<\/strong> avec une pr\u00e9dilection pour l\u2019 \u00c9gypte, tels sont\u00a0les th\u00e8mes\u00a0dont je traite r\u00e9guli\u00e8rement dans la presse depuis 20 ans Apr\u00e8s avoir \u00e9crit\u00a0 pendant dix ans sur l\u2019actualit\u00e9 des religions et sur ses acteurs dans \"Le Monde des religions\" , je suis aujourd'hui r\u00e9dactrice en chef d'une revue-livre trimestrielle, <em><strong>Ultre\u00efa !<\/strong><\/em>, qui traite des voyages r\u00e9els et spirituels mais aussi d'ethnologie, d'art et d'\u00e9cologie. A d\u00e9couvrir sur le site <a href=\"http:\/\/revue-ultreia.com\/\">ULTREIA !<\/a><br \/><\/span><\/p>\n<p><strong>Derniers articles parus de Florence<\/strong><\/p>\n<ul>\n<li><em>\u00a0 <a href=\"http:\/\/www.lemondedesreligions.fr\/mensuel\/2012\/54\/cultes-a-mysteres-l-ame-purifiee-22-06-2012-2597_189.php\" target=\"_blank\">Les chemins de la gu\u00e9rison.\u00a0 <\/a><br \/> <\/em><\/li>\n<li><em>\u00a0<\/em><a href=\"http:\/\/www.lemondedesreligions.fr\/mensuel\/2012\/56\/autant-de-messages-que-d-apocryphes-19-10-2012-2790_192.php\"><em>Interview Jean \u2013 Daniel Kaestli \u2013 les Apocryphes<\/em><\/a>.<\/li>\n<li><em>\u00a0<a href=\"http:\/\/www.lemondedesreligions.fr\/mensuel\/2012\/56\/francoise-heritier-a-mes-yeux-d-anthropologue-les-religions-revelees-celles-du-livre-sont-le-berceau-de-l-intolerance-12-10-2012-2768_192.php\" target=\"_blank\">Interview Fran\u00e7oise H\u00e9ritier.<\/a><br \/> <\/em><\/li>\n<li><em>\u00a0<\/em><em><a href=\"http:\/\/www.lemondedesreligions.fr\/mensuel\/2011\/50\/21-decembre-2012-l-origine-de-la-rumeur-14-10-2011-1956_182.php\" target=\"_blank\">Les proph\u00e9ties de la fin du monde.<\/a><\/em><em><\/em><em><\/em><em><br \/> <\/em><\/li>\n<li><em><a href=\"http:\/\/www.lemondedesreligions.fr\/culture\/le-souffle-nouveau-du-printemps-des-comediens-06-05-2011-1502_112.php\" target=\"_blank\">\u00a0Le souffle nouveau du printemps des com\u00e9diens.<\/a>\u00a0<\/em><\/li>\n<li><em>\u00a0<a href=\"http:\/\/www.lemondedesreligions.fr\/archives\/2005\/01\/01\/philae-perle-de-l-egypte-l-ile-sacree-d-isis-la-grande-magicienne,5334303.php\" target=\"_blank\">L\u2019\u00eele sacr\u00e9e d\u2019Isis la Grande Magicienne<\/a><span style=\"font-size: 12px;\">.<\/span><\/em><\/li>\n<li><em><a href=\"http:\/\/www.lemondedesreligions.fr\/dossiers\/sexe-religion\/l-obsession-de-la-virginite-01-07-2009-1884_181.php\" target=\"_blank\">\u00a0L'obsession de la virginit\u00e9<\/a><span style=\"font-size: 12px;\">. <\/span><\/em><\/li>\n<li><em>\u00a0<a href=\"http:\/\/www.lemondedesreligions.fr\/actualite\/un-risque-d-exode-des-chretiens-d-egypte-15-04-2011-1450_118.php\" target=\"_blank\">Un risque d'exode des chr\u00e9tiens d\u2019\u00c9gypte<\/a>.<\/em><em>\u00a0<\/em><em><\/em><em>\u00a0\u00a0\u00a0<\/em><em><\/em><em>\u00a0<\/em><\/li>\n<\/ul>\n<p>\u00a0<\/p>\n<p><span style=\"font-family: verdana,geneva; font-size: 16pt;\">MONDE et ACTUALIT\u00c9S<\/span><\/p>\n<p><img decoding=\"async\" src=\"http:\/\/www.florence-quentin.fr\/wordpress\/wp-content\/uploads\/2014\/12\/lign-1.png\" alt=\"\" width=\"1200\" height=\"40\" \/><\/p>\n<ul>\n<li><em><a href=\"http:\/\/www.lemondedesreligions.fr\/actualite\/vers-une-alliance-entre-freres-musulmans-et-salafistes-20-04-2011-1456_118.php\" target=\"_blank\">Vers une alliance entre Fr\u00e8res musulmans et salafistes?<\/a>\u00a0\u00a0\u00a0\u00a0\u00a0<\/em><em>\u00a0\u00a0\u00a0\u00a0\u00a0\u00a0\u00a0\u00a0\u00a0\u00a0\u00a0\u00a0\u00a0\u00a0\u00a0\u00a0\u00a0\u00a0\u00a0\u00a0\u00a0\u00a0\u00a0\u00a0\u00a0\u00a0\u00a0\u00a0\u00a0<\/em><\/li>\n<\/ul>\n<p style=\"text-align: left;\">\u00a0\u00a0\u00a0 Tewfik Aclimandos, chercheur au Coll\u00e8ge de France, sp\u00e9cialiste de l\u2019islam politique, explique quelles sont les forces islamiques en pr\u00e9sence dans la nouvelle donne \u00e9gyptienne et si elles constituent ou non une menace pour la d\u00e9mocratie et pour les\u00a0\u00a0\u00a0\u00a0\u00a0\u00a0\u00a0 chr\u00e9tiens d\u2019Orient<em>. <\/em>propos recueillis par Florence Quentin \u2013 publi\u00e9 le 20\/04\/2011<\/p>\n<ul>\n<li><em><a href=\"http:\/\/www.lemondedesreligions.fr\/culture\/l-egypte-de-tahrir-une-societe-qui-decouvre-l-espoir-26-05-2011-1550_112.php\" target=\"_blank\">l\u2019\u00c9gypte de Tahrir, une soci\u00e9t\u00e9 qui d\u00e9couvre l\u2019espoir<\/a><\/em> \u00a0<em>\u00a0\u00a0\u00a0\u00a0\u00a0\u00a0\u00a0\u00a0\u00a0\u00a0\u00a0\u00a0\u00a0\u00a0\u00a0\u00a0\u00a0\u00a0\u00a0\u00a0\u00a0\u00a0\u00a0 \u00a0\u00a0\u00a0\u00a0\u00a0\u00a0\u00a0\u00a0\u00a0\u00a0\u00a0\u00a0 <\/em><br \/> <span style=\"font-family: arial,helvetica,sans-serif; font-size: 10pt;\">L\u2019Egypte de Tahrir, anatomie d\u2019une R\u00e9volution, de Claude Guibal et Tangi Sala\u00fcn, nous fait le r\u00e9cit chronologique des \u00e9v\u00e9nements \u00e9gyptiens de janvier dernier. Mais cet essai indispensable pour comprendre les ressorts d\u2019un formidable \u00e9veil livre aussi une analyse au scalpel d\u2019une soci\u00e9t\u00e9 qui d\u00e9couvre enfin l\u2019espoir d\u2019une d\u00e9mocratie. F<\/span>lorence Quentin \u2013 publi\u00e9 le 26\/05\/2011<\/li>\n<li><a href=\"http:\/\/www.lemondedesreligions.fr\/actualite\/printemps-arabe-printemps-des-femmes-09-03-2011-1292_118.php\" target=\"_blank\"><em>Printemps arabe, Printemps des Femmes ?<\/em> <\/a>\n<p><span style=\"font-family: arial,helvetica,sans-serif;\">Le 8 mars, celles et ceux qui ont renvers\u00e9 le r\u00e9gime d\u2019Hosni Moubarak sont redescendus dans la rue pour la Marche du Million de Femmes. Au-del\u00e0 de leurs revendications pour la d\u00e9mocratie, ces militants de la premi\u00e8re heure ont demand\u00e9 que la Charia, la loi islamique, ne figure pas dans la Constitution. Florence Quentin \u2013 publi\u00e9 le 09\/03\/2011<\/span><\/p>\n<\/li>\n<\/ul>\n<p>\u00a0<\/p>\n<p><span style=\"font-size: 16pt; font-family: verdana,geneva;\">CULTURE<\/span><\/p>\n<p><img decoding=\"async\" src=\"http:\/\/www.florence-quentin.fr\/wordpress\/wp-content\/uploads\/2014\/12\/lign-1.png\" alt=\"\" width=\"1200\" height=\"40\" \/><\/p>\n<ul>\n<li><em><a href=\"http:\/\/www.lemondedesreligions.fr\/culture\/quartier-lointain-07-06-2011-1572_112.php\" target=\"_blank\">Quartier<\/a><a href=\"http:\/\/www.lemondedesreligions.fr\/culture\/quartier-lointain-07-06-2011-1572_112.php\" target=\"_blank\"> lointain <\/a><\/em><\/li>\n<\/ul>\n<p style=\"text-align: left;\">\u00a0\u00a0\u00a0\u00a0 Inspir\u00e9 de Jir\u00f4 Taniguchi, b\u00e9d\u00e9iste japonais \u00e0 l\u2019univers sobre et d\u00e9licat, Quartier lointain, cr\u00e9ation du Printemps des Com\u00e9diens r\u00e9ussit le tour de force de retranscrire sur sc\u00e8ne une tr\u00e8s belle m\u00e9taphore sur la m\u00e9moire et le destin.<br \/> Florence Quentin \u2013 publi\u00e9 le 07\/06\/2011<\/p>\n<ul>\n<li><em><a href=\"http:\/\/www.lemondedesreligions.fr\/culture\/festival-de-radio-france-et-montpellier-languedoc-roussilon-06-07-2011-1695_112.php\" target=\"_blank\">Festival de Radio France et Montpellier Languedoc-Roussilon<\/a><\/em>\n<p>Du 11 au 28 juillet 2011, ce festival d\u00e9di\u00e9 \u00e0 toutes les musiques, transcende les genres : op\u00e9ra, musique symphonique, de chambre ou encore grands r\u00e9citals c\u00f4toient le jazz, la world music et les audaces des musiques \u00e9lectroniques. Dans une cinquantaine de villes et de villages du Languedoc-Roussillon, grands interpr\u00e8tes et jeunes espoirs vont faire vibrer les \u00e2mes sous le dais des salles de concert ou sous celui des \u00e9toiles. Florence Quentin \u2013 publi\u00e9 le 06\/07\/2011<\/p>\n<\/li>\n<li><em><a href=\"http:\/\/www.lemondedesreligions.fr\/culture\/le-fabuleux-destin-du-bestiaire-du-christ-20-04-2011-1457_112.php\" target=\"_blank\">Le fabuleux destin du \u00ab\u00a0Bestiaire du Christ\u00a0\u00bb\u00a0<\/a>\u00a0\u00a0\u00a0\u00a0\u00a0\u00a0\u00a0\u00a0\u00a0\u00a0\u00a0\u00a0\u00a0\u00a0\u00a0\u00a0\u00a0\u00a0\u00a0\u00a0\u00a0\u00a0\u00a0\u00a0\u00a0\u00a0\u00a0\u00a0\u00a0\u00a0\u00a0\u00a0\u00a0\u00a0\u00a0\u00a0\u00a0\u00a0\u00a0\u00a0\u00a0\u00a0\u00a0\u00a0\u00a0\u00a0\u00a0\u00a0\u00a0\u00a0\u00a0\u00a0\u00a0\u00a0\u00a0\u00a0\u00a0 <\/em>\n<p>Datant de la premi\u00e8re moiti\u00e9 du XXe si\u00e8cle, le chef-d\u2019\u0153uvre de Louis Charbonneau-Lassay, consacr\u00e9 \u00e0 la symbolique de l\u2019Occident crh\u00e9tien, vient d\u2019\u00eatre r\u00e9\u00e9dit\u00e9 chez Albin Michel. Retour sur une vraie saga \u00e9ditoriale.<br \/> Florence Quentin \u2013 publi\u00e9 le 20\/04\/2011<\/p>\n<\/li>\n<li><a href=\"http:\/\/www.lemondedesreligions.fr\/mensuel\/2012\/56\/autant-de-messages-que-d-apocryphes-19-10-2012-2790_192.php\"><em>Interview Jean \u2013 Daniel Kaestli \u2013\u00a0les Apocryphes<\/em><\/a>\n<p>Jean Daniel Kaestli, sp\u00e9cialiste des litt\u00e9ratures intertestamentaires, met en lumi\u00e8re la port\u00e9e r\u00e9elle des \u00e9crits apocryphes. Ce dernier a entre autres dirig\u00e9 l\u2019\u00e9dition du second volume des \u00c9crits apocryphes chr\u00e9tiens, paru chez Gallimard (dans la Pl\u00e9iade), en 2005. Propos receuillis par Florence Quentin \u2013 publi\u00e9 le 19\/10\/2012<\/p>\n<\/li>\n<li><em><a href=\"http:\/\/www.lemondedesreligions.fr\/mensuel\/2012\/54\/cultes-a-mysteres-l-ame-purifiee-22-06-2012-2597_189.php\" target=\"_blank\">Les\u00a0chemins de la gu\u00e9rison\u00a0\u00a0<\/a>\u00a0\u00a0\u00a0\u00a0\u00a0\u00a0\u00a0\u00a0\u00a0\u00a0\u00a0\u00a0\u00a0\u00a0\u00a0\u00a0\u00a0\u00a0\u00a0\u00a0\u00a0\u00a0\u00a0\u00a0\u00a0\u00a0\u00a0\u00a0\u00a0\u00a0\u00a0\u00a0\u00a0\u00a0\u00a0\u00a0\u00a0\u00a0\u00a0\u00a0\u00a0\u00a0\u00a0\u00a0\u00a0\u00a0\u00a0\u00a0\u00a0\u00a0\u00a0\u00a0\u00a0\u00a0\u00a0\u00a0\u00a0\u00a0\u00a0\u00a0\u00a0\u00a0\u00a0\u00a0\u00a0\u00a0\u00a0\u00a0\u00a0\u00a0\u00a0\u00a0\u00a0 <\/em>\n<p>Accessibles ind\u00e9pendamment du statut social, du sexe et de l\u2019\u00e2ge, les cultes \u00e0 myst\u00e8res antiques, tels ceux d\u2019\u00e9leusis, d\u2019Isis ou de Cyb\u00e8le, visaient un changement int\u00e9rieur. \u00c0 l\u2019issue d\u2019un enseignement complexe, l\u2019initi\u00e9 acc\u00e9dait \u00e0 une renaissance symbolique. Florence Quentin \u2013 publi\u00e9 le 22\/06\/2012<\/p>\n<\/li>\n<\/ul>\n<p>\u00a0<\/p>\n<p><span style=\"font-family: verdana,geneva;\"><span style=\"font-size: 16pt;\">SOCI\u00c9T\u00c9<\/span><\/span><\/p>\n<p><img decoding=\"async\" src=\"http:\/\/www.florence-quentin.fr\/wordpress\/wp-content\/uploads\/2014\/12\/lign-1.png\" alt=\"\" width=\"1200\" height=\"40\" \/><\/p>\n<ul>\n<li><em><a href=\"http:\/\/www.lemondedesreligions.fr\/actualite\/quand-les-religions-s-invitent-dans-l-entreprise-01-09-2011-1808_118.php\" target=\"_blank\">Quand les religions s\u2019invitent dans l\u2019entreprise<\/a><br \/> <\/em>Du 31 ao\u00fbt au 1er septembre, un colloque sur le th\u00e8me <em>\u00ab\u00a0Management et religions\u00a0\u00bb <\/em>se tenait \u00e0 Strasbourg, avec comme question liminaire : ces deux domaines font-ils bon m\u00e9nage ? Rencontre avec Patrick Banon, l\u2019un des intervenants de ces\u00a0\u00a0 rencontres, \u00e9crivain, essayiste sp\u00e9cialis\u00e9 en sciences des religions et syst\u00e8mes de pens\u00e9e et chercheur \u00e0 l\u2019Universit\u00e9 Paris-Dauphine. Florence Quentin \u2013 publi\u00e9 le 01\/09\/2011<\/li>\n<\/ul>\n<ul>\n<li><em><a href=\"http:\/\/www.lemondedesreligions.fr\/actualite\/la-scientologie-et-la-manipulation-mentale-02-02-2012-2214_118.php\" target=\"_blank\">La Scientologie et la manipulation mentale<\/a>\u00a0\u00a0\u00a0\u00a0\u00a0\u00a0\u00a0\u00a0\u00a0\u00a0\u00a0\u00a0\u00a0\u00a0\u00a0\u00a0\u00a0\u00a0\u00a0\u00a0\u00a0\u00a0\u00a0\u00a0\u00a0\u00a0\u00a0\u00a0\u00a0\u00a0\u00a0\u00a0\u00a0\u00a0\u00a0\u00a0\u00a0\u00a0\u00a0\u00a0\u00a0\u00a0\u00a0\u00a0\u00a0\u00a0\u00a0\u00a0\u00a0\u00a0\u00a0\u00a0\u00a0\u00a0\u00a0\u00a0\u00a0\u00a0\u00a0\u00a0 <\/em>\n<p><em>L<\/em>\u2018\u00c9glise de scientologie parisienne a vu son amende de 600 000 euros pour escroquerie confirm\u00e9e en appel jeudi 2 f\u00e9vrier. Ni\u00e9e par les sectes, la manipulation mentale est pourtant indissociable de la mise sous d\u00e9pendance de l\u2019adepte. En le privant de toute capacit\u00e9 d\u2019analyse, elle le rend r\u00e9ceptif aux discours id\u00e9ologiques et le prive de son libre arbitre.<br \/> Florence Quentin \u2013 publi\u00e9 le 02\/02\/2012<\/p>\n<\/li>\n<li><em><a href=\"http:\/\/www.lemondedesreligions.fr\/dossiers\/sexe-religion\/l-obsession-de-la-virginite-01-07-2009-1884_181.php\" target=\"_blank\">L\u2019obsession de la virginit\u00e9<\/a><\/em>\n<p>Dans les traditions religieuses, des d\u00e9esses m\u00e8res \u00e0 Marie, la femme sacr\u00e9e est vou\u00e9e \u00e0 une virginit\u00e9 \u00e9ternelle. Aujourd\u2019hui, si toutes les religions prescrivent la chastet\u00e9 pr\u00e9-maritale, c\u2019est chez les musulmans et les \u00e9vang\u00e9listes que cette qu\u00eate de puret\u00e9 est la plus exalt\u00e9e. Florence Quentin - publi\u00e9 le 01\/07\/2009<\/p>\n<\/li>\n<li><em>\u00a0<a href=\"http:\/\/www.lemondedesreligions.fr\/mensuel\/2012\/56\/francoise-heritier-a-mes-yeux-d-anthropologue-les-religions-revelees-celles-du-livre-sont-le-berceau-de-l-intolerance-12-10-2012-2768_192.php\" target=\"_blank\">Interview Fran\u00e7oise H\u00e9ritier<\/a>\u00a0\u00a0\u00a0\u00a0\u00a0\u00a0\u00a0\u00a0\u00a0\u00a0\u00a0\u00a0\u00a0\u00a0\u00a0\u00a0\u00a0\u00a0\u00a0\u00a0\u00a0\u00a0\u00a0\u00a0\u00a0\u00a0\u00a0\u00a0\u00a0\u00a0\u00a0\u00a0\u00a0\u00a0\u00a0\u00a0\u00a0\u00a0\u00a0\u00a0\u00a0\u00a0\u00a0\u00a0\u00a0\u00a0\u00a0\u00a0\u00a0\u00a0\u00a0\u00a0\u00a0\u00a0\u00a0\u00a0\u00a0\u00a0\u00a0\u00a0\u00a0\u00a0\u00a0\u00a0\u00a0\u00a0\u00a0\u00a0\u00a0\u00a0\u00a0\u00a0\u00a0\u00a0\u00a0\u00a0\u00a0\u00a0\u00a0\u00a0\u00a0\u00a0\u00a0\u00a0\u00a0\u00a0<\/em>\n<p>On connaissait l\u2019anthropologue disciple de L\u00e9vi-Strauss \u00e0 qui elle succ\u00e9da au Coll\u00e8ge de France \u2013 o\u00f9 elle poursuivit et d\u00e9veloppa sa th\u00e9orie sur la parent\u00e9 \u2013 mais aussi l\u2019intellectuelle exigeante qui s\u2019est pench\u00e9e avec une remarquable acuit\u00e9 sur la domination masculine dont elle pense qu\u2019elle est \u00ab encore partout \u00bb. Propos receuillis par Florence Quentin \u2013 publi\u00e9 le 12\/10\/2012<\/p>\n<\/li>\n<li><em><a href=\"http:\/\/www.lemondedesreligions.fr\/mensuel\/2011\/50\/21-decembre-2012-l-origine-de-la-rumeur-14-10-2011-1956_182.php\" target=\"_blank\">Les proph\u00e9ties de la fin du monde<\/a>\u00a0\u00a0\u00a0\u00a0\u00a0\u00a0\u00a0\u00a0\u00a0\u00a0\u00a0\u00a0\u00a0\u00a0\u00a0\u00a0\u00a0\u00a0\u00a0\u00a0\u00a0\u00a0\u00a0\u00a0\u00a0\u00a0\u00a0\u00a0\u00a0\u00a0\u00a0\u00a0\u00a0\u00a0\u00a0\u00a0\u00a0\u00a0\u00a0\u00a0\u00a0\u00a0\u00a0\u00a0\u00a0\u00a0\u00a0\u00a0\u00a0\u00a0\u00a0\u00a0\u00a0\u00a0\u00a0\u00a0\u00a0\u00a0\u00a0\u00a0\u00a0\u00a0\u00a0\u00a0\u00a0\u00a0\u00a0\u00a0\u00a0\u00a0\u00a0\u00a0\u00a0\u00a0<\/em>\n<p>Les Mayas ont-ils pr\u00e9dit l\u2019extinction prochaine de notre monde\u2009? \u00c0 un peu plus d\u2019un an de la date fatidique, retour sur une d\u00e9couverte arch\u00e9ologique faite au Mexique, de tr\u00e8s savants calculs et une habile r\u00e9cup\u00e9ration commerciale.\u00a0\u00a0\u00a0\u00a0\u00a0\u00a0\u00a0\u00a0\u00a0\u00a0 \u00a0\u00a0\u00a0 Florence Quentin \u2013 publi\u00e9 le 01\/07\/2009<\/p>\n<\/li>\n<\/ul>\n<p>\u00a0<\/p>\n<\/div><\/div><\/div><\/div><\/div>","protected":false},"excerpt":{"rendered":"<p>Art, culture, soci\u00e9t\u00e9 ou philosophie\u00a0 avec une pr\u00e9dilection pour l\u2019 \u00c9gypte, tels sont\u00a0les th\u00e8mes\u00a0dont je traite r\u00e9guli\u00e8rement dans la presse depuis 20 ans Apr\u00e8s avoir \u00e9crit\u00a0 pendant dix ans sur l\u2019actualit\u00e9 des religions et sur ses acteurs dans \u00ab\u00a0Le Monde&#8230;<br \/><a class=\"read-more-button\" href=\"https:\/\/www.florence-quentin.fr\/wordpress\/presse\/\">Savoir plus<\/a><\/p>\n","protected":false},"author":1,"featured_media":0,"parent":0,"menu_order":0,"comment_status":"closed","ping_status":"closed","template":"template-full-width-without-sharing.php","meta":{"footnotes":""},"class_list":["post-8","page","type-page","status-publish","hentry"],"aioseo_notices":[],"_links":{"self":[{"href":"https:\/\/www.florence-quentin.fr\/wordpress\/wp-json\/wp\/v2\/pages\/8","targetHints":{"allow":["GET"]}}],"collection":[{"href":"https:\/\/www.florence-quentin.fr\/wordpress\/wp-json\/wp\/v2\/pages"}],"about":[{"href":"https:\/\/www.florence-quentin.fr\/wordpress\/wp-json\/wp\/v2\/types\/page"}],"author":[{"embeddable":true,"href":"https:\/\/www.florence-quentin.fr\/wordpress\/wp-json\/wp\/v2\/users\/1"}],"replies":[{"embeddable":true,"href":"https:\/\/www.florence-quentin.fr\/wordpress\/wp-json\/wp\/v2\/comments?post=8"}],"version-history":[{"count":0,"href":"https:\/\/www.florence-quentin.fr\/wordpress\/wp-json\/wp\/v2\/pages\/8\/revisions"}],"wp:attachment":[{"href":"https:\/\/www.florence-quentin.fr\/wordpress\/wp-json\/wp\/v2\/media?parent=8"}],"curies":[{"name":"wp","href":"https:\/\/api.w.org\/{rel}","templated":true}]}}